{"id":21,"date":"2019-12-03T17:18:57","date_gmt":"2019-12-03T17:18:57","guid":{"rendered":"http:\/\/urdialesycamposmelus.com\/?page_id=21"},"modified":"2026-04-18T13:34:43","modified_gmt":"2026-04-18T13:34:43","slug":"abogados","status":"publish","type":"page","link":"http:\/\/urdialesycamposmelus.com\/en\/abogados","title":{"rendered":"Abogados M\u00e1laga"},"content":{"rendered":"<h1 style=\"text-align: center; font-size: 30px; letter-spacing: -2px; border-bottom: 0.5px solid #e0e0e0; max-width: 500px; margin: 0 auto;\" class=\" translation-block\"><span style=\"color: #342f4b\">PARTNERS<\/span> <strong><\/strong><\/h1>\n<div class=\"cols-wrapper cols-2\">\n<div class=\"col\">\n<p style=\"text-align: center; font-weight: 200; font-size: 35px; letter-spacing: -1.5px;\">Ricardo Urdiales G\u00e1lvez<\/p>\n<p style=\"text-align: justify; font-weight: 300; font-size: 18px; line-height: 1.8rem;\">He studied Law at the University of Granada, beginning his professional career in 1983.<br \/>\nMost of Ricardo\u00b4s professional career has been closely linked to the international community, collaborating with a diversity of European Law firms.<br \/>\nRicardo Urdiales G\u00e1lvez is a great negotiator and has extensive experience in civil and economic-criminal litigation, inheritance law and real estate law.<br \/>\nHe lived in England (London) for two years and has a high level of English language skills.<br \/>\nHe is a collaborator and advisor for several Trusts, associations and NGOs. He is currently President of the CUDECA Foundation, one of the main palliative care Foundations in Spain, with whom he continues to collaborate and advise since its inception in 1992.<\/p>\n<\/div>\n<div class=\"col nomargin\">\n<p><img decoding=\"async\" loading=\"lazy\" class=\"aligncenter size-full wp-image-92\" src=\"http:\/\/urdialesycamposmelus.com\/wp-content\/uploads\/2019\/12\/Abogado-Ricardo-Urdiales-Foto.jpg\" alt=\"\" width=\"1200\" height=\"898\" srcset=\"http:\/\/urdialesycamposmelus.com\/wp-content\/uploads\/2019\/12\/Abogado-Ricardo-Urdiales-Foto.jpg 1200w, http:\/\/urdialesycamposmelus.com\/wp-content\/uploads\/2019\/12\/Abogado-Ricardo-Urdiales-Foto-300x225.jpg 300w, http:\/\/urdialesycamposmelus.com\/wp-content\/uploads\/2019\/12\/Abogado-Ricardo-Urdiales-Foto-1024x766.jpg 1024w, http:\/\/urdialesycamposmelus.com\/wp-content\/uploads\/2019\/12\/Abogado-Ricardo-Urdiales-Foto-768x575.jpg 768w\" sizes=\"(max-width: 1200px) 100vw, 1200px\" \/><\/p>\n<p style=\"text-align: center;\">Personal email:\u00a0<a href=\"mailto:abogados@ricardourdiales.com\">abogados@ricardourdiales.com<\/a><\/p>\n<\/div>\n<\/div>\n<div class=\"cols-wrapper cols-2\">\n<div class=\"col\">\n<p><img decoding=\"async\" loading=\"lazy\" class=\"aligncenter size-full wp-image-89\" src=\"http:\/\/urdialesycamposmelus.com\/wp-content\/uploads\/2019\/12\/Abogado-Jose-Luis-Campos-Foto.jpg\" alt=\"\" width=\"1200\" height=\"851\" srcset=\"http:\/\/urdialesycamposmelus.com\/wp-content\/uploads\/2019\/12\/Abogado-Jose-Luis-Campos-Foto.jpg 1200w, http:\/\/urdialesycamposmelus.com\/wp-content\/uploads\/2019\/12\/Abogado-Jose-Luis-Campos-Foto-300x213.jpg 300w, http:\/\/urdialesycamposmelus.com\/wp-content\/uploads\/2019\/12\/Abogado-Jose-Luis-Campos-Foto-1024x726.jpg 1024w, http:\/\/urdialesycamposmelus.com\/wp-content\/uploads\/2019\/12\/Abogado-Jose-Luis-Campos-Foto-768x545.jpg 768w\" sizes=\"(max-width: 1200px) 100vw, 1200px\" \/><\/p>\n<p style=\"text-align: center;\">Personal email:\u00a0\u00a0\u00a0<a href=\"mailto:abogados@camposmelus.com\">abogados@camposmelus.com<\/a><\/p>\n<\/div>\n<div class=\"col nomargin\">\n<p style=\"text-align: center; font-weight: 200; font-size: 35px; letter-spacing: -1.5px;\">Jos\u00e9 Luis Campos Mel\u00fas<\/p>\n<p style=\"text-align: justify; font-weight: 300; font-size: 18px; line-height: 1.8rem;\">He has a Law Degree from the University of Granada and has a postgraduate degree in American Legislation at the University of California, San Diego, United States.<br \/>\nInici\u00f3 su actividad profesional como abogado generalista, especializ\u00e1ndose posteriormente en asesoramiento en derecho inmobiliario, derecho sucesorio y derecho fiscal internacional, fundamentalmente a particulares y empresas extranjeras. Es un gran conocedor y especialista en derecho sucesorio europeo, habiendo colaborado con numerosos Despachos extranjeros en dicha materia. Habla y escribe fluidamente en ingl\u00e9s.<\/p>\n<\/div>\n<\/div>","protected":false},"excerpt":{"rendered":"<p>ABOGADOS SOCIOS Ricardo Urdiales G\u00e1lvez Curs\u00f3 sus estudios de derecho en la Universidad de Granada, comenzando su actividad profesional en [&hellip;]<\/p>","protected":false},"author":1,"featured_media":0,"parent":0,"menu_order":0,"comment_status":"closed","ping_status":"closed","template":"template-full-custom.php","meta":[],"yoast_head":"<!-- This site is optimized with the Yoast SEO plugin v20.1 - https:\/\/yoast.com\/wordpress\/plugins\/seo\/ -->\n<title>Abogados M\u00e1laga - Urdiales &amp; Campos Mel\u00fas Abogados<\/title>\n<meta name=\"description\" content=\"Abogados M\u00e1laga. Abogac\u00eda en M\u00e1laga y la Costa del Sol.Jos\u00e9 Luis Campos Mel\u00fas y Ricardo Urdiales G\u00e1lvez, Licenciados en Derecho.\" \/>\n<meta name=\"robots\" content=\"index, follow, max-snippet:-1, max-image-preview:large, max-video-preview:-1\" \/>\n<link rel=\"canonical\" href=\"http:\/\/urdialesycamposmelus.com\/en\/abogados\/\" \/>\n<meta property=\"og:locale\" content=\"en_GB\" \/>\n<meta property=\"og:type\" content=\"article\" \/>\n<meta property=\"og:title\" content=\"Abogados M\u00e1laga - Urdiales &amp; Campos Mel\u00fas Abogados\" \/>\n<meta property=\"og:description\" content=\"Abogados M\u00e1laga. Abogac\u00eda en M\u00e1laga y la Costa del Sol.Jos\u00e9 Luis Campos Mel\u00fas y Ricardo Urdiales G\u00e1lvez, Licenciados en Derecho.\" \/>\n<meta property=\"og:url\" content=\"http:\/\/urdialesycamposmelus.com\/en\/abogados\/\" \/>\n<meta property=\"og:site_name\" content=\"Urdiales &amp; Campos Mel\u00fas Abogados\" \/>\n<meta property=\"article:modified_time\" content=\"2026-04-18T13:34:43+00:00\" \/>\n<meta property=\"og:image\" content=\"http:\/\/urdialesycamposmelus.com\/wp-content\/uploads\/2019\/12\/Abogado-Ricardo-Urdiales-Foto.jpg\" \/>\n<meta name=\"twitter:card\" content=\"summary_large_image\" \/>\n<meta name=\"twitter:label1\" content=\"Estimated reading time\" \/>\n\t<meta name=\"twitter:data1\" content=\"2 minutes\" \/>\n<script type=\"application\/ld+json\" class=\"yoast-schema-graph\">{\"@context\":\"https:\/\/schema.org\",\"@graph\":[{\"@type\":\"WebPage\",\"@id\":\"http:\/\/urdialesycamposmelus.com\/abogados\",\"url\":\"http:\/\/urdialesycamposmelus.com\/abogados\",\"name\":\"Abogados M\u00e1laga - Urdiales &amp; Campos Mel\u00fas Abogados\",\"isPartOf\":{\"@id\":\"http:\/\/urdialesycamposmelus.com\/#website\"},\"datePublished\":\"2019-12-03T17:18:57+00:00\",\"dateModified\":\"2026-04-18T13:34:43+00:00\",\"description\":\"Abogados M\u00e1laga. Abogac\u00eda en M\u00e1laga y la Costa del Sol.Jos\u00e9 Luis Campos Mel\u00fas y Ricardo Urdiales G\u00e1lvez, Licenciados en Derecho.\",\"breadcrumb\":{\"@id\":\"http:\/\/urdialesycamposmelus.com\/abogados#breadcrumb\"},\"inLanguage\":\"en-GB\",\"potentialAction\":[{\"@type\":\"ReadAction\",\"target\":[\"http:\/\/urdialesycamposmelus.com\/abogados\"]}]},{\"@type\":\"BreadcrumbList\",\"@id\":\"http:\/\/urdialesycamposmelus.com\/abogados#breadcrumb\",\"itemListElement\":[{\"@type\":\"ListItem\",\"position\":1,\"name\":\"Portada\",\"item\":\"http:\/\/urdialesycamposmelus.com\/\"},{\"@type\":\"ListItem\",\"position\":2,\"name\":\"Abogados M\u00e1laga\"}]},{\"@type\":\"WebSite\",\"@id\":\"http:\/\/urdialesycamposmelus.com\/#website\",\"url\":\"http:\/\/urdialesycamposmelus.com\/\",\"name\":\"Urdiales &amp; Campos Mel\u00fas Abogados\",\"description\":\"\",\"potentialAction\":[{\"@type\":\"SearchAction\",\"target\":{\"@type\":\"EntryPoint\",\"urlTemplate\":\"http:\/\/urdialesycamposmelus.com\/?s={search_term_string}\"},\"query-input\":\"required name=search_term_string\"}],\"inLanguage\":\"en-GB\"}]}<\/script>\n<!-- \/ Yoast SEO plugin. -->","yoast_head_json":{"title":"Abogados M\u00e1laga - Urdiales &amp; Campos Mel\u00fas Abogados","description":"Abogados M\u00e1laga. Abogac\u00eda en M\u00e1laga y la Costa del Sol.Jos\u00e9 Luis Campos Mel\u00fas y Ricardo Urdiales G\u00e1lvez, Licenciados en Derecho.","robots":{"index":"index","follow":"follow","max-snippet":"max-snippet:-1","max-image-preview":"max-image-preview:large","max-video-preview":"max-video-preview:-1"},"canonical":"http:\/\/urdialesycamposmelus.com\/en\/abogados\/","og_locale":"en_GB","og_type":"article","og_title":"Abogados M\u00e1laga - Urdiales &amp; Campos Mel\u00fas Abogados","og_description":"Abogados M\u00e1laga. Abogac\u00eda en M\u00e1laga y la Costa del Sol.Jos\u00e9 Luis Campos Mel\u00fas y Ricardo Urdiales G\u00e1lvez, Licenciados en Derecho.","og_url":"http:\/\/urdialesycamposmelus.com\/en\/abogados\/","og_site_name":"Urdiales &amp; Campos Mel\u00fas Abogados","article_modified_time":"2026-04-18T13:34:43+00:00","og_image":[{"url":"http:\/\/urdialesycamposmelus.com\/wp-content\/uploads\/2019\/12\/Abogado-Ricardo-Urdiales-Foto.jpg"}],"twitter_card":"summary_large_image","twitter_misc":{"Estimated reading time":"2 minutes"},"schema":{"@context":"https:\/\/schema.org","@graph":[{"@type":"WebPage","@id":"http:\/\/urdialesycamposmelus.com\/abogados","url":"http:\/\/urdialesycamposmelus.com\/abogados","name":"Abogados M\u00e1laga - Urdiales &amp; Campos Mel\u00fas Abogados","isPartOf":{"@id":"http:\/\/urdialesycamposmelus.com\/#website"},"datePublished":"2019-12-03T17:18:57+00:00","dateModified":"2026-04-18T13:34:43+00:00","description":"Abogados M\u00e1laga. Abogac\u00eda en M\u00e1laga y la Costa del Sol.Jos\u00e9 Luis Campos Mel\u00fas y Ricardo Urdiales G\u00e1lvez, Licenciados en Derecho.","breadcrumb":{"@id":"http:\/\/urdialesycamposmelus.com\/abogados#breadcrumb"},"inLanguage":"en-GB","potentialAction":[{"@type":"ReadAction","target":["http:\/\/urdialesycamposmelus.com\/abogados"]}]},{"@type":"BreadcrumbList","@id":"http:\/\/urdialesycamposmelus.com\/abogados#breadcrumb","itemListElement":[{"@type":"ListItem","position":1,"name":"Portada","item":"http:\/\/urdialesycamposmelus.com\/"},{"@type":"ListItem","position":2,"name":"Abogados M\u00e1laga"}]},{"@type":"WebSite","@id":"http:\/\/urdialesycamposmelus.com\/#website","url":"http:\/\/urdialesycamposmelus.com\/","name":"Urdiales &amp; Campos Mel\u00fas Abogados","description":"","potentialAction":[{"@type":"SearchAction","target":{"@type":"EntryPoint","urlTemplate":"http:\/\/urdialesycamposmelus.com\/?s={search_term_string}"},"query-input":"required name=search_term_string"}],"inLanguage":"en-GB"}]}},"_links":{"self":[{"href":"http:\/\/urdialesycamposmelus.com\/en\/wp-json\/wp\/v2\/pages\/21"}],"collection":[{"href":"http:\/\/urdialesycamposmelus.com\/en\/wp-json\/wp\/v2\/pages"}],"about":[{"href":"http:\/\/urdialesycamposmelus.com\/en\/wp-json\/wp\/v2\/types\/page"}],"author":[{"embeddable":true,"href":"http:\/\/urdialesycamposmelus.com\/en\/wp-json\/wp\/v2\/users\/1"}],"replies":[{"embeddable":true,"href":"http:\/\/urdialesycamposmelus.com\/en\/wp-json\/wp\/v2\/comments?post=21"}],"version-history":[{"count":15,"href":"http:\/\/urdialesycamposmelus.com\/en\/wp-json\/wp\/v2\/pages\/21\/revisions"}],"predecessor-version":[{"id":184,"href":"http:\/\/urdialesycamposmelus.com\/en\/wp-json\/wp\/v2\/pages\/21\/revisions\/184"}],"wp:attachment":[{"href":"http:\/\/urdialesycamposmelus.com\/en\/wp-json\/wp\/v2\/media?parent=21"}],"curies":[{"name":"wp","href":"https:\/\/api.w.org\/{rel}","templated":true}]}}